{"id":650,"date":"2024-06-12T09:26:07","date_gmt":"2024-06-12T07:26:07","guid":{"rendered":"https:\/\/biobarranc.com\/politica-de-privacitat\/"},"modified":"2026-03-26T10:42:00","modified_gmt":"2026-03-26T09:42:00","slug":"politica-de-privacitat","status":"publish","type":"page","link":"https:\/\/biobarranc.com\/ca\/politica-de-privacitat\/","title":{"rendered":"Pol\u00edtica de privacitat"},"content":{"rendered":"\t\t<div data-elementor-type=\"wp-page\" data-elementor-id=\"650\" class=\"elementor elementor-650 elementor-3\" data-elementor-post-type=\"page\">\n\t\t\t\t<div class=\"elementor-element elementor-element-104fe04e e-flex e-con-boxed e-con e-parent\" data-id=\"104fe04e\" data-element_type=\"container\" data-e-type=\"container\">\n\t\t\t\t\t<div class=\"e-con-inner\">\n\t\t\t\t<div class=\"elementor-element elementor-element-4739388e elementor-widget elementor-widget-text-editor\" data-id=\"4739388e\" data-element_type=\"widget\" data-e-type=\"widget\" data-widget_type=\"text-editor.default\">\n\t\t\t\t<div class=\"elementor-widget-container\">\n\t\t\t\t\t\t\t\t\t<header class=\"page-header\"><span style=\"font-size: 16px;\"><span style=\"font-size: 16px;\">BioBarranc t\u2019informa sobre la seva Pol\u00edtica de privacitat respecte del tractament i protecci\u00f3 de les dades de car\u00e0cter personal dels usuaris i clients que puguin ser recollides per la navegaci\u00f3 o contractaci\u00f3 de serveis a trav\u00e9s del lloc web http:\/\/biobarranc.com\/.<\/span><\/span>\n<p> <\/p>\n<p> <\/p>\n<\/header>\n<div class=\"page-content\">\n<div class=\"elementor elementor-1723\" data-elementor-type=\"wp-page\" data-elementor-id=\"1723\" data-elementor-post-type=\"page\">\n<div class=\"elementor-element elementor-element-15b56f7b e-flex e-con-boxed e-con e-parent e-lazyloaded\" data-id=\"15b56f7b\" data-element_type=\"container\">\n<div class=\"e-con-inner\">\n<div class=\"elementor-element elementor-element-6876230f elementor-widget elementor-widget-text-editor\" data-id=\"6876230f\" data-element_type=\"widget\" data-widget_type=\"text-editor.default\">\n<div class=\"elementor-widget-container\">\n<p>En aquest sentit, el Titular garanteix el compliment de la normativa vigent en mat\u00e8ria de protecci\u00f3 de dades personals, reflectida en la Llei org\u00e0nica 3\/2018, de 5 de desembre, de protecci\u00f3 de dades personals i garantia dels drets digitals (LOPDGDD). Tamb\u00e9 compleix amb el Reglament (UE) 2016\/679 del Parlament Europeu i del Consell de 27 d\u2019abril de 2016 relatiu a la protecci\u00f3 de les persones f\u00edsiques (RGPD). <\/p>\n<p>L\u2019\u00fas del lloc web implica l\u2019acceptaci\u00f3 d\u2019aquesta Pol\u00edtica de privacitat aix\u00ed com de les condicions incloses a l\u2019Av\u00eds legal.<\/p>\n<h3 id=\"identidad-del-responsable\" class=\"wp-block-heading\"><br>Identitat del responsable<\/h3>\n<ul>\n<li>Titular: Biobarranc S.L<\/li>\n<li>NIF\/CIF: <span style=\"font-weight: 400;\">B82285727<\/span><\/li>\n<li>Domicili: <span style=\"font-weight: 400;\">UR\/St Tomeu, 15<\/span><\/li>\n<li>Correu electr\u00f2nic: info@biobarranc.com<\/li>\n<li>Espai Web: http:\/\/biobarranc.com<\/li>\n<\/ul>\n<h3> <\/h3>\n<h3 id=\"principios-aplicados-en-el-tratamiento-de-datos\" class=\"wp-block-heading\">Principis aplicats en el tractament de dades<\/h3>\n<p>En el tractament de les teves dades personals, el Titular aplicar\u00e0 els seg\u00fcents principis que s\u2019ajusten a les exig\u00e8ncies del nou reglament europeu de protecci\u00f3 de dades:<\/p>\n<ul>\n<li><strong>Principi de licitud, lleialtat i transpar\u00e8ncia:<\/strong> El Titular sempre requerir\u00e0 el consentiment per al tractament de les teves dades personals, que pot ser per a una o diverses finalitats espec\u00edfiques sobre les quals t\u2019informar\u00e0 pr\u00e8viament amb absoluta transpar\u00e8ncia.<\/li>\n<li><strong>Principi de minimitzaci\u00f3 de dades:<\/strong> El Titular et sol\u00b7licitar\u00e0 nom\u00e9s les dades estrictament necess\u00e0ries per a la finalitat o les finalitats per a les quals les demana.<\/li>\n<li><strong>Principi de limitaci\u00f3 del termini de conservaci\u00f3: <\/strong>Les dades es mantindran durant el temps estrictament necessari per a la finalitat o les finalitats del tractament.<br>El Titular t\u2019informar\u00e0 del termini de conservaci\u00f3 corresponent segons la finalitat. En el cas de subscripcions, el Titular revisar\u00e0 peri\u00f2dicament les llistes i eliminar\u00e0 aquells registres inactius durant un temps considerable. <\/li>\n<li><strong>Principi d\u2019integritat i confidencialitat: <\/strong>Les teves dades seran tractades de manera que la seva seguretat, confidencialitat i integritat estiguin garantides. Has de saber que el Titular pren les precaucions necess\u00e0ries per evitar l\u2019acc\u00e9s no autoritzat o l\u2019\u00fas indegut de les dades dels seus usuaris per part de tercers. <\/li>\n<\/ul>\n<h3> <\/h3>\n<h3 id=\"obtenci\u00f3n-de-datos-personales\" class=\"wp-block-heading\">Obtenci\u00f3 de dades personals<\/h3>\n<p>Per navegar per http:\/\/biobarranc.com\/ no \u00e9s necessari que facilitis cap dada personal. Els casos en qu\u00e8 s\u00ed proporciones les teves dades personals s\u00f3n els seg\u00fcents: <\/p>\n<ul>\n<li>En contactar a trav\u00e9s dels formularis de contacte o enviar un correu electr\u00f2nic.<\/li>\n<li>En fer un comentari en un article o p\u00e0gina.<\/li>\n<\/ul>\n<h3> <\/h3>\n<h3 id=\"tus-derechos\" class=\"wp-block-heading\">Els teus drets<\/h3>\n<p>El Titular t\u2019informa que sobre les teves dades personals tens dret a:<\/p>\n<ul>\n<li>Sol\u00b7licitar l\u2019acc\u00e9s a les dades emmagatzemades.<\/li>\n<li>Sol\u00b7licitar una rectificaci\u00f3 o la cancel\u00b7laci\u00f3.<\/li>\n<li>Sol\u00b7licitar la limitaci\u00f3 del seu tractament.<\/li>\n<li>Oposar-te al tractament.<\/li>\n<li>Sol\u00b7licitar la portabilitat de les teves dades.<\/li>\n<\/ul>\n<p>L\u2019exercici d\u2019aquests drets \u00e9s personal i, per tant, ha de ser exercit directament per l\u2019interessat, sol\u00b7licitant-ho directament al Titular, cosa que significa que qualsevol client, subscriptor o col\u00b7laborador que hagi facilitat les seves dades en algun moment pot adre\u00e7ar-se al Titular i demanar informaci\u00f3 sobre les dades que t\u00e9 emmagatzemades i com les ha obtingudes, sol\u00b7licitar-ne la rectificaci\u00f3, demanar la portabilitat de les seves dades personals, oposar-se al tractament, limitar-ne l\u2019\u00fas o sol\u00b7licitar la cancel\u00b7laci\u00f3 d\u2019aquestes dades als fitxers del Titular.<\/p>\n<p>Per exercir els teus drets d\u2019acc\u00e9s, rectificaci\u00f3, cancel\u00b7laci\u00f3, portabilitat i oposici\u00f3 has d\u2019enviar un correu electr\u00f2nic a palaciosalort@gmail.com juntament amb una prova v\u00e0lida en dret, com una fotoc\u00f2pia del DNI o equivalent.<\/p>\n<p>Tens dret a la tutela judicial efectiva i a presentar una reclamaci\u00f3 davant l\u2019autoritat de control, en aquest cas, l\u2019Ag\u00e8ncia Espanyola de Protecci\u00f3 de Dades, si consideres que el tractament de dades personals que et concerneixen infringeix el Reglament.<\/p>\n<h3> <\/h3>\n<h3 id=\"finalidad-del-tratamiento-de-datos-personales\" class=\"wp-block-heading\">Finalitat del tractament de dades personals<\/h3>\n<p>Quan et connectes al lloc web per enviar un correu al Titular, et subscrius al seu butllet\u00ed o realitzes una contractaci\u00f3, est\u00e0s facilitant informaci\u00f3 de car\u00e0cter personal de la qual el responsable \u00e9s el Titular. Aquesta informaci\u00f3 pot incloure dades de car\u00e0cter personal com poden ser la teva adre\u00e7a IP, nom i cognoms, adre\u00e7a f\u00edsica, adre\u00e7a de correu electr\u00f2nic, n\u00famero de tel\u00e8fon i altra informaci\u00f3. En facilitar aquesta informaci\u00f3, dones el teu consentiment perqu\u00e8 la teva informaci\u00f3 sigui recopilada, utilitzada, gestionada i emmagatzemada per superadmin.es, nom\u00e9s tal com es descriu a l\u2019Av\u00eds legal i en la present Pol\u00edtica de privacitat.  <\/p>\n<p>Les dades personals i la finalitat del tractament per part del Titular \u00e9s diferent segons el sistema de captaci\u00f3 d\u2019informaci\u00f3:<\/p>\n<ul>\n<li><strong>Formularis de contacte:<\/strong> El Titular sol\u00b7licita dades personals entre les quals poden estar: nom i cognoms, adre\u00e7a de correu electr\u00f2nic, n\u00famero de tel\u00e8fon i adre\u00e7a del teu lloc web amb la finalitat de respondre a les teves consultes.<br>Per exemple, el Titular utilitza aquestes dades per donar resposta als teus missatges, dubtes, queixes, comentaris o inquietuds que puguis tenir relatives a la informaci\u00f3 inclosa al lloc web, els serveis que es presten a trav\u00e9s del lloc web, el tractament de les teves dades personals, q\u00fcestions referents als textos legals inclosos al lloc web, aix\u00ed com qualsevol altra consulta que puguis tenir i que no estigui subjecta a les condicions del lloc web o de la contractaci\u00f3.<\/li>\n<\/ul>\n<p>Existeixen altres finalitats per les quals el Titular tracta les teves dades personals:<\/p>\n<ul>\n<li>Per garantir el compliment de les condicions recollides a l\u2019Av\u00eds legal i a la llei aplicable. Aix\u00f2 pot incloure el desenvolupament d\u2019eines i algoritmes que ajudin aquest lloc web a garantir la confidencialitat de les dades personals que recull. <\/li>\n<li>Per donar suport i millorar els serveis que ofereix aquest lloc web.<br><\/li>\n<li>Per analitzar la navegaci\u00f3. El Titular recull altres dades no identificatives que s\u2019obtenen mitjan\u00e7ant l\u2019\u00fas de cookies que es descarreguen al teu ordinador quan navegues pel lloc web, les caracter\u00edstiques i finalitat de les quals estan detallades a la Pol\u00edtica de cookies. <\/li>\n<li>Per gestionar les xarxes socials. El Titular t\u00e9 pres\u00e8ncia a xarxes socials. Si et fas seguidor a les xarxes socials del Titular, el tractament de les dades personals es regir\u00e0 per aquest apartat, aix\u00ed com per aquelles condicions d\u2019\u00fas, pol\u00edtiques de privacitat i normatives d\u2019acc\u00e9s que pertanyin a la xarxa social corresponent en cada cas i que has acceptat pr\u00e8viament.<br> <br> <br>  <\/li>\n<\/ul>\n<p>El Titular tractar\u00e0 les teves dades personals amb la finalitat d\u2019administrar correctament la seva pres\u00e8ncia a la xarxa social, informar-te de les seves activitats, productes o serveis, aix\u00ed com per a qualsevol altra finalitat que les normatives de les xarxes socials permetin.<\/p>\n<p>En cap cas el Titular utilitzar\u00e0 els perfils de seguidors a xarxes socials per enviar publicitat de manera individual.<\/p>\n<h3> <\/h3>\n<h3 id=\"seguridad-de-los-datos-personales\" class=\"wp-block-heading\">Seguretat de les dades personals<\/h3>\n<p>Per protegir les teves dades personals, el Titular pren totes les precaucions raonables i segueix les millors pr\u00e0ctiques de la ind\u00fastria per evitar-ne la p\u00e8rdua, mal \u00fas, acc\u00e9s indegut, divulgaci\u00f3, alteraci\u00f3 o destrucci\u00f3.<\/p>\n<p>El lloc web est\u00e0 allotjat a JEGA Integral. La seguretat de les teves dades est\u00e0 garantida, ja que prenen totes les mesures de seguretat necess\u00e0ries per a aix\u00f2. Pots consultar la seva pol\u00edtica de privacitat per tenir m\u00e9s informaci\u00f3.<br>  <\/p>\n<h3> <\/h3>\n<h3 id=\"contenido-de-otros-sitios-web\" class=\"wp-block-heading\">Contingut d\u2019altres llocs web<\/h3>\n<p>Les p\u00e0gines d\u2019aquest lloc web poden incloure contingut incrustat (per exemple, v\u00eddeos, imatges, articles, etc.). El contingut incrustat d\u2019altres webs es comporta exactament de la mateixa manera que si haguessis visitat l\u2019altra web. <\/p>\n<p>Aquests llocs web poden recopilar dades sobre tu, utilitzar cookies, incrustar un codi de seguiment addicional de tercers i supervisar la teva interacci\u00f3 utilitzant aquest codi.<\/p>\n<h3> <\/h3>\n<h3 id=\"pol\u00edtica-de-cookies\" class=\"wp-block-heading\">Pol\u00edtica de cookies<\/h3>\n<p>Perqu\u00e8 aquest lloc web funcioni correctament necessita utilitzar cookies, que \u00e9s una informaci\u00f3 que s\u2019emmagatzema al teu navegador web.<\/p>\n<p>A la p\u00e0gina Pol\u00edtica de cookies pots consultar tota la informaci\u00f3 relativa a la pol\u00edtica de recollida, la finalitat i el tractament de les cookies.<\/p>\n<h3> <\/h3>\n<h3 id=\"legitimaci\u00f3n-para-el-tratamiento-de-datos\" class=\"wp-block-heading\">Legitimaci\u00f3 per al tractament de dades<\/h3>\n<p>La base legal per al tractament de les teves dades \u00e9s: el consentiment.<\/p>\n<p>Per contactar amb el Titular, subscriure\u2019t a un butllet\u00ed o fer comentaris en aquest lloc web has d\u2019acceptar la present Pol\u00edtica de privacitat.<\/p>\n<h3> <\/h3>\n<h3 id=\"categor\u00edas-de-datos-personales\" class=\"wp-block-heading\">Categories de dades personals<\/h3>\n<p>Les categories de dades personals que tracta el Titular s\u00f3n:<\/p>\n<ul>\n<li>Dades identificatives.<\/li>\n<\/ul>\n<h3> <\/h3>\n<h3 id=\"conservaci\u00f3n-de-datos-personales\" class=\"wp-block-heading\">Conservaci\u00f3 de dades personals<\/h3>\n<p>Les dades personals que proporcionis al Titular es conservaran fins que en sol\u00b7licitis la supressi\u00f3.<\/p>\n<h3> <\/h3>\n<h3 id=\"destinatarios-de-datos-personales\" class=\"wp-block-heading\">Destinataris de dades personals<\/h3>\n<ul>\n<li><strong>Google Analytics<\/strong> \u00e9s un servei d\u2019anal\u00edtica web prestat per Google, Inc., una companyia de Delaware amb oficina principal a 1600 Amphitheatre Parkway, Mountain View (Calif\u00f2rnia), CA 94043, Estats Units (\u201cGoogle\u201d). Trobar\u00e0s m\u00e9s informaci\u00f3 a: <strong><a href=\"https:\/\/analytics.google.com\/\" target=\"_blank\" rel=\"noreferrer noopener\">https:\/\/analytics.google.com<\/a><\/strong><br>Google Analytics utilitza \u201ccookies\u201d, que s\u00f3n arxius de text ubicats al teu ordinador, per ajudar el Titular a analitzar l\u2019\u00fas que fan els usuaris del lloc web. La informaci\u00f3 que genera la cookie sobre l\u2019\u00fas del lloc web (incloent-hi la teva adre\u00e7a IP) ser\u00e0 transmesa directament i arxivada per Google als servidors dels Estats Units. <\/li>\n<\/ul>\n<p>Tamb\u00e9 pots veure una llista dels tipus de cookies que utilitza Google i els seus col\u00b7laboradors, aix\u00ed com tota la informaci\u00f3 relativa a l\u2019\u00fas que fan de les cookies publicit\u00e0ries.<\/p>\n<h3> <\/h3>\n<h3 id=\"navegaci\u00f3n-web\" class=\"wp-block-heading\">Navegaci\u00f3 web<\/h3>\n<p>En navegar pel LLOC WEB es poden recollir dades no identificatives, que poden incloure l\u2019adre\u00e7a IP, la geolocalitzaci\u00f3, un registre de com s\u2019utilitzen els serveis i llocs, h\u00e0bits de navegaci\u00f3 i altres dades que no poden ser utilitzades per identificar-te.<\/p>\n<p>El lloc web utilitza els seg\u00fcents serveis d\u2019an\u00e0lisi de tercers:<\/p>\n<ul>\n<li>Google Analytics<\/li>\n<\/ul>\n<p>El Titular utilitza la informaci\u00f3 obtinguda per obtenir dades estad\u00edstiques, analitzar tend\u00e8ncies, administrar el lloc, estudiar patrons de navegaci\u00f3 i recopilar informaci\u00f3 demogr\u00e0fica.<\/p>\n<h3> <\/h3>\n<h3 id=\"exactitud-y-veracidad-de-los-datos-personales\" class=\"wp-block-heading\">Exactitud i veracitat de les dades personals<\/h3>\n<p>Et compromets que les dades facilitades al Titular siguin correctes, completes, exactes i vigents, aix\u00ed com a mantenir-les degudament actualitzades.<\/p>\n<p>Com a Usuari del lloc web ets l\u2019\u00fanic responsable de la veracitat i correcci\u00f3 de les dades que remetis al lloc, exonerant el Titular de qualsevol responsabilitat al respecte.<\/p>\n<h3> <\/h3>\n<h3 id=\"aceptaci\u00f3n-y-consentimiento\" class=\"wp-block-heading\">Acceptaci\u00f3 i consentiment<\/h3>\n<p>Com a Usuari del lloc web declares haver estat informat de les condicions sobre protecci\u00f3 de dades de car\u00e0cter personal, acceptes i consents el tractament d\u2019aquestes per part del Titular en la forma i per a les finalitats indicades en aquesta Pol\u00edtica de privacitat.<\/p>\n<h3> <\/h3>\n<h3 id=\"revocabilidad\" class=\"wp-block-heading\">Revocabilitat<\/h3>\n<p>Per exercir els teus drets d\u2019acc\u00e9s, rectificaci\u00f3, cancel\u00b7laci\u00f3, portabilitat i oposici\u00f3 has d\u2019enviar un correu electr\u00f2nic a palaciosalort@gmail.com juntament amb una prova v\u00e0lida en dret, com una fotoc\u00f2pia del DNI o equivalent.<\/p>\n<p>L\u2019exercici dels teus drets no inclou cap dada que el Titular estigui obligat a conservar amb finalitats administratives, legals o de seguretat.<\/p>\n<h3> <\/h3>\n<h3 id=\"cambios-en-la-pol\u00edtica-de-privacidad\" class=\"wp-block-heading\">Canvis en la Pol\u00edtica de privacitat<\/h3>\n<p>El Titular es reserva el dret a modificar la present Pol\u00edtica de privacitat per adaptar-la a novetats legislatives o jurisprudencials, aix\u00ed com a pr\u00e0ctiques de la ind\u00fastria.<\/p>\n<p>Aquestes pol\u00edtiques estaran vigents fins que siguin modificades per altres degudament publicades.<\/p>\n<\/div>\n<\/div>\n<\/div>\n<\/div>\n<\/div>\n<\/div>\t\t\t\t\t\t\t\t<\/div>\n\t\t\t\t<\/div>\n\t\t\t\t\t<\/div>\n\t\t\t\t<\/div>\n\t\t\t\t<\/div>\n\t\t","protected":false},"excerpt":{"rendered":"<p>BioBarranc t\u2019informa sobre la seva Pol\u00edtica de privacitat respecte del tractament i protecci\u00f3 de les dades de car\u00e0cter personal dels usuaris i clients que puguin ser recollides per la navegaci\u00f3 o contractaci\u00f3 de serveis a trav\u00e9s del lloc web http:\/\/biobarranc.com\/. En aquest sentit, el Titular garanteix el compliment de la normativa vigent en mat\u00e8ria de [&hellip;]<\/p>\n","protected":false},"author":1,"featured_media":0,"parent":0,"menu_order":0,"comment_status":"closed","ping_status":"open","template":"","meta":{"footnotes":""},"class_list":["post-650","page","type-page","status-publish","hentry"],"yoast_head":"<!-- This site is optimized with the Yoast SEO plugin v27.4 - https:\/\/yoast.com\/product\/yoast-seo-wordpress\/ -->\n<title>Pol\u00edtica de privacitat - biobarranc.com<\/title>\n<meta name=\"robots\" content=\"index, follow, max-snippet:-1, max-image-preview:large, max-video-preview:-1\" \/>\n<link rel=\"canonical\" href=\"https:\/\/biobarranc.com\/ca\/politica-de-privacitat\/\" \/>\n<meta property=\"og:locale\" content=\"ca_ES\" \/>\n<meta property=\"og:type\" content=\"article\" \/>\n<meta property=\"og:title\" content=\"Pol\u00edtica de privacitat - biobarranc.com\" \/>\n<meta property=\"og:description\" content=\"BioBarranc t\u2019informa sobre la seva Pol\u00edtica de privacitat respecte del tractament i protecci\u00f3 de les dades de car\u00e0cter personal dels usuaris i clients que puguin ser recollides per la navegaci\u00f3 o contractaci\u00f3 de serveis a trav\u00e9s del lloc web http:\/\/biobarranc.com\/. En aquest sentit, el Titular garanteix el compliment de la normativa vigent en mat\u00e8ria de [&hellip;]\" \/>\n<meta property=\"og:url\" content=\"https:\/\/biobarranc.com\/ca\/politica-de-privacitat\/\" \/>\n<meta property=\"og:site_name\" content=\"biobarranc.com\" \/>\n<meta property=\"article:modified_time\" content=\"2026-03-26T09:42:00+00:00\" \/>\n<meta name=\"twitter:card\" content=\"summary_large_image\" \/>\n<meta name=\"twitter:label1\" content=\"Temps estimat de lectura\" \/>\n\t<meta name=\"twitter:data1\" content=\"10 minuts\" \/>\n<script type=\"application\/ld+json\" class=\"yoast-schema-graph\">{\"@context\":\"https:\\\/\\\/schema.org\",\"@graph\":[{\"@type\":\"WebPage\",\"@id\":\"https:\\\/\\\/biobarranc.com\\\/ca\\\/politica-de-privacitat\\\/\",\"url\":\"https:\\\/\\\/biobarranc.com\\\/ca\\\/politica-de-privacitat\\\/\",\"name\":\"Pol\u00edtica de privacitat - biobarranc.com\",\"isPartOf\":{\"@id\":\"https:\\\/\\\/biobarranc.com\\\/ca\\\/#website\"},\"datePublished\":\"2024-06-12T07:26:07+00:00\",\"dateModified\":\"2026-03-26T09:42:00+00:00\",\"breadcrumb\":{\"@id\":\"https:\\\/\\\/biobarranc.com\\\/ca\\\/politica-de-privacitat\\\/#breadcrumb\"},\"inLanguage\":\"ca\",\"potentialAction\":[{\"@type\":\"ReadAction\",\"target\":[\"https:\\\/\\\/biobarranc.com\\\/ca\\\/politica-de-privacitat\\\/\"]}]},{\"@type\":\"BreadcrumbList\",\"@id\":\"https:\\\/\\\/biobarranc.com\\\/ca\\\/politica-de-privacitat\\\/#breadcrumb\",\"itemListElement\":[{\"@type\":\"ListItem\",\"position\":1,\"name\":\"Portada\",\"item\":\"https:\\\/\\\/biobarranc.com\\\/ca\\\/portada\\\/\"},{\"@type\":\"ListItem\",\"position\":2,\"name\":\"Pol\u00edtica de privacitat\"}]},{\"@type\":\"WebSite\",\"@id\":\"https:\\\/\\\/biobarranc.com\\\/ca\\\/#website\",\"url\":\"https:\\\/\\\/biobarranc.com\\\/ca\\\/\",\"name\":\"biobarranc.com\",\"description\":\"Fruta ecol\u00f3gica y saludable de Cala&#039;n Porter\",\"publisher\":{\"@id\":\"https:\\\/\\\/biobarranc.com\\\/ca\\\/#organization\"},\"potentialAction\":[{\"@type\":\"SearchAction\",\"target\":{\"@type\":\"EntryPoint\",\"urlTemplate\":\"https:\\\/\\\/biobarranc.com\\\/ca\\\/?s={search_term_string}\"},\"query-input\":{\"@type\":\"PropertyValueSpecification\",\"valueRequired\":true,\"valueName\":\"search_term_string\"}}],\"inLanguage\":\"ca\"},{\"@type\":\"Organization\",\"@id\":\"https:\\\/\\\/biobarranc.com\\\/ca\\\/#organization\",\"name\":\"biobarranc.com\",\"url\":\"https:\\\/\\\/biobarranc.com\\\/ca\\\/\",\"logo\":{\"@type\":\"ImageObject\",\"inLanguage\":\"ca\",\"@id\":\"https:\\\/\\\/biobarranc.com\\\/ca\\\/#\\\/schema\\\/logo\\\/image\\\/\",\"url\":\"https:\\\/\\\/biobarranc.com\\\/wp-content\\\/uploads\\\/2024\\\/06\\\/Biobarranc-logo-alaior.webp\",\"contentUrl\":\"https:\\\/\\\/biobarranc.com\\\/wp-content\\\/uploads\\\/2024\\\/06\\\/Biobarranc-logo-alaior.webp\",\"width\":960,\"height\":383,\"caption\":\"biobarranc.com\"},\"image\":{\"@id\":\"https:\\\/\\\/biobarranc.com\\\/ca\\\/#\\\/schema\\\/logo\\\/image\\\/\"}}]}<\/script>\n<!-- \/ Yoast SEO plugin. -->","yoast_head_json":{"title":"Pol\u00edtica de privacitat - biobarranc.com","robots":{"index":"index","follow":"follow","max-snippet":"max-snippet:-1","max-image-preview":"max-image-preview:large","max-video-preview":"max-video-preview:-1"},"canonical":"https:\/\/biobarranc.com\/ca\/politica-de-privacitat\/","og_locale":"ca_ES","og_type":"article","og_title":"Pol\u00edtica de privacitat - biobarranc.com","og_description":"BioBarranc t\u2019informa sobre la seva Pol\u00edtica de privacitat respecte del tractament i protecci\u00f3 de les dades de car\u00e0cter personal dels usuaris i clients que puguin ser recollides per la navegaci\u00f3 o contractaci\u00f3 de serveis a trav\u00e9s del lloc web http:\/\/biobarranc.com\/. En aquest sentit, el Titular garanteix el compliment de la normativa vigent en mat\u00e8ria de [&hellip;]","og_url":"https:\/\/biobarranc.com\/ca\/politica-de-privacitat\/","og_site_name":"biobarranc.com","article_modified_time":"2026-03-26T09:42:00+00:00","twitter_card":"summary_large_image","twitter_misc":{"Temps estimat de lectura":"10 minuts"},"schema":{"@context":"https:\/\/schema.org","@graph":[{"@type":"WebPage","@id":"https:\/\/biobarranc.com\/ca\/politica-de-privacitat\/","url":"https:\/\/biobarranc.com\/ca\/politica-de-privacitat\/","name":"Pol\u00edtica de privacitat - biobarranc.com","isPartOf":{"@id":"https:\/\/biobarranc.com\/ca\/#website"},"datePublished":"2024-06-12T07:26:07+00:00","dateModified":"2026-03-26T09:42:00+00:00","breadcrumb":{"@id":"https:\/\/biobarranc.com\/ca\/politica-de-privacitat\/#breadcrumb"},"inLanguage":"ca","potentialAction":[{"@type":"ReadAction","target":["https:\/\/biobarranc.com\/ca\/politica-de-privacitat\/"]}]},{"@type":"BreadcrumbList","@id":"https:\/\/biobarranc.com\/ca\/politica-de-privacitat\/#breadcrumb","itemListElement":[{"@type":"ListItem","position":1,"name":"Portada","item":"https:\/\/biobarranc.com\/ca\/portada\/"},{"@type":"ListItem","position":2,"name":"Pol\u00edtica de privacitat"}]},{"@type":"WebSite","@id":"https:\/\/biobarranc.com\/ca\/#website","url":"https:\/\/biobarranc.com\/ca\/","name":"biobarranc.com","description":"Fruta ecol\u00f3gica y saludable de Cala&#039;n Porter","publisher":{"@id":"https:\/\/biobarranc.com\/ca\/#organization"},"potentialAction":[{"@type":"SearchAction","target":{"@type":"EntryPoint","urlTemplate":"https:\/\/biobarranc.com\/ca\/?s={search_term_string}"},"query-input":{"@type":"PropertyValueSpecification","valueRequired":true,"valueName":"search_term_string"}}],"inLanguage":"ca"},{"@type":"Organization","@id":"https:\/\/biobarranc.com\/ca\/#organization","name":"biobarranc.com","url":"https:\/\/biobarranc.com\/ca\/","logo":{"@type":"ImageObject","inLanguage":"ca","@id":"https:\/\/biobarranc.com\/ca\/#\/schema\/logo\/image\/","url":"https:\/\/biobarranc.com\/wp-content\/uploads\/2024\/06\/Biobarranc-logo-alaior.webp","contentUrl":"https:\/\/biobarranc.com\/wp-content\/uploads\/2024\/06\/Biobarranc-logo-alaior.webp","width":960,"height":383,"caption":"biobarranc.com"},"image":{"@id":"https:\/\/biobarranc.com\/ca\/#\/schema\/logo\/image\/"}}]}},"_links":{"self":[{"href":"https:\/\/biobarranc.com\/ca\/wp-json\/wp\/v2\/pages\/650","targetHints":{"allow":["GET"]}}],"collection":[{"href":"https:\/\/biobarranc.com\/ca\/wp-json\/wp\/v2\/pages"}],"about":[{"href":"https:\/\/biobarranc.com\/ca\/wp-json\/wp\/v2\/types\/page"}],"author":[{"embeddable":true,"href":"https:\/\/biobarranc.com\/ca\/wp-json\/wp\/v2\/users\/1"}],"replies":[{"embeddable":true,"href":"https:\/\/biobarranc.com\/ca\/wp-json\/wp\/v2\/comments?post=650"}],"version-history":[{"count":1,"href":"https:\/\/biobarranc.com\/ca\/wp-json\/wp\/v2\/pages\/650\/revisions"}],"predecessor-version":[{"id":651,"href":"https:\/\/biobarranc.com\/ca\/wp-json\/wp\/v2\/pages\/650\/revisions\/651"}],"wp:attachment":[{"href":"https:\/\/biobarranc.com\/ca\/wp-json\/wp\/v2\/media?parent=650"}],"curies":[{"name":"wp","href":"https:\/\/api.w.org\/{rel}","templated":true}]}}